{"id":16,"date":"2020-11-03T12:14:35","date_gmt":"2020-11-03T11:14:35","guid":{"rendered":"http:\/\/klimatdialogen.test\/?page_id=16"},"modified":"2021-05-06T08:03:53","modified_gmt":"2021-05-06T06:03:53","slug":"krav-for-medlemskap","status":"publish","type":"page","link":"https:\/\/www.prisdialogen.se\/klimatdialogen\/for-fjarrvarmeleverantorer\/krav-for-medlemskap\/","title":{"rendered":"Krav f\u00f6r medlemskap"},"content":{"rendered":"<p>F\u00f6r att ans\u00f6ka om medlemskap i Klimatdialogen kr\u00e4vs att en lokal klimatdialog har bedrivits. Hur detta ska g\u00f6ras beskrivs i <a href=\"https:\/\/www.prisdialogen.se\/klimatdialogen\/wp-content\/uploads\/2021\/04\/Handbok-for-Klimatdialogen.pdf\">Handbok f\u00f6r Klimatdialogen<\/a>. Den lokala processen ska mynna ut i en klimatarbetsplan som de deltagande parterna har godk\u00e4nt. F\u00f6r att ans\u00f6ka om medlemskap beh\u00f6ver, ut\u00f6ver klimatarbetsplanen, ocks\u00e5 justerade protokoll fr\u00e5n dialogm\u00f6tena skickas in till Prisdialogens kansli. Tveka inte att kontakta kansliet om ni har n\u00e5gra fr\u00e5gor eller funderingar kring det hela (kansliet@prisdialogen.se).<\/p>\n","protected":false},"excerpt":{"rendered":"<p>F\u00f6r att ans\u00f6ka om medlemskap i Klimatdialogen kr\u00e4vs att en lokal klimatdialog har bedrivits. Hur detta ska g\u00f6ras beskrivs i Handbok f\u00f6r Klimatdialogen. Den lokala processen ska mynna ut i en klimatarbetsplan som de deltagande parterna har godk\u00e4nt. F\u00f6r att ans\u00f6ka om medlemskap beh\u00f6ver, ut\u00f6ver klimatarbetsplanen, ocks\u00e5 justerade protokoll fr\u00e5n dialogm\u00f6tena skickas in till Prisdialogens [&hellip;]<\/p>\n","protected":false},"author":1,"featured_media":0,"parent":10,"menu_order":0,"comment_status":"closed","ping_status":"closed","template":"","meta":{"footnotes":""},"class_list":["post-16","page","type-page","status-publish","hentry"],"_links":{"self":[{"href":"https:\/\/www.prisdialogen.se\/klimatdialogen\/wp-json\/wp\/v2\/pages\/16","targetHints":{"allow":["GET"]}}],"collection":[{"href":"https:\/\/www.prisdialogen.se\/klimatdialogen\/wp-json\/wp\/v2\/pages"}],"about":[{"href":"https:\/\/www.prisdialogen.se\/klimatdialogen\/wp-json\/wp\/v2\/types\/page"}],"author":[{"embeddable":true,"href":"https:\/\/www.prisdialogen.se\/klimatdialogen\/wp-json\/wp\/v2\/users\/1"}],"replies":[{"embeddable":true,"href":"https:\/\/www.prisdialogen.se\/klimatdialogen\/wp-json\/wp\/v2\/comments?post=16"}],"version-history":[{"count":5,"href":"https:\/\/www.prisdialogen.se\/klimatdialogen\/wp-json\/wp\/v2\/pages\/16\/revisions"}],"predecessor-version":[{"id":222,"href":"https:\/\/www.prisdialogen.se\/klimatdialogen\/wp-json\/wp\/v2\/pages\/16\/revisions\/222"}],"up":[{"embeddable":true,"href":"https:\/\/www.prisdialogen.se\/klimatdialogen\/wp-json\/wp\/v2\/pages\/10"}],"wp:attachment":[{"href":"https:\/\/www.prisdialogen.se\/klimatdialogen\/wp-json\/wp\/v2\/media?parent=16"}],"curies":[{"name":"wp","href":"https:\/\/api.w.org\/{rel}","templated":true}]}}